{"id":885,"date":"2021-01-11T09:09:20","date_gmt":"2021-01-11T09:09:20","guid":{"rendered":"https:\/\/www.capezzonearchitecture.com\/agency\/"},"modified":"2025-10-20T16:04:42","modified_gmt":"2025-10-20T15:04:42","slug":"agence","status":"publish","type":"page","link":"https:\/\/www.capezzonearchitecture.com\/fr\/agence\/","title":{"rendered":"Agence"},"content":{"rendered":"<section class=\"wpb-content-wrapper\"><p>[vc_row full_width=\u00a0\u00bbstretch_row_content_no_spaces\u00a0\u00bb el_class=\u00a0\u00bbsite-row-pt150x\u00a0\u00bb][vc_column]<div class=\"site-info-block-v1 site-info-right\">\n                        <div class=\"site-info-holder\">\n                            <div class=\"site-info-col-l\">\n                                <div class=\"site-info-image\">\n                                    <figure>\n                                        <img src=\"https:\/\/www.capezzonearchitecture.com\/wp-content\/uploads\/2025\/10\/Thomas_Capezzone__01_\u00a9Stephane_Berthe-1.jpg\" class=\"img-fluid\" alt=\"\"\/>\n                                    <\/figure>\n                                    <div class=\"site-info-image-caption\">\n                                        <div class=\"site-info-image-holder\"><h5>THOMAS CAPEZZONE<\/h5>                        <\/div>\n                                    <\/div>\n                                <\/div>\n                            <\/div>\n                            <div class=\"site-info-col-r\">\n                                <div class=\"site-info-text-holder\">\n                                    <div class=\"site-info-text\">\n                                        <div class=\"site-info-text-title\"><span class=\"wow fadeInUp\" data-wow-delay=\"1.3s\">AGENCE<\/span><h2><div class=\"d-inline wow fadeInUp\" data-wow-delay=\"0.3s\">A<\/div><div class=\"d-inline wow fadeInUp\" data-wow-delay=\"0.4s\">G<\/div><div class=\"d-inline wow fadeInUp\" data-wow-delay=\"0.5s\">E<\/div><div class=\"d-inline wow fadeInUp\" data-wow-delay=\"0.6s\">N<\/div><div class=\"d-inline wow fadeInUp\" data-wow-delay=\"0.7s\">C<\/div><div class=\"d-inline wow fadeInUp\" data-wow-delay=\"0.8s\">E<\/div><\/h2>                        <\/div>\n\n                                        <div class=\"site-info-text-desc\">\n                                            <div class=\"wow fadeInUp\" data-wow-delay=\"1s\"><p>Nous croyons fermement au pouvoir transformateur de l&rsquo;architecture et du design, et voyons chaque projet comme une opportunit\u00e9 de cr\u00e9er non seulement des espaces, mais des exp\u00e9riences qui enrichissent les vies et inspirent des \u00e9motions. Ancr\u00e9e dans une profonde compr\u00e9hension du comportement humain et du contexte environnemental, notre approche cherche l&rsquo;harmonie entre forme, fonction et \u00e9motion.<\/p>\n<p>Capezzone Architecture valorise l&rsquo;art de raconter des histoires \u00e0 travers le design, en \u00e9laborant des r\u00e9cits qui r\u00e9sonnent avec l&rsquo;essence de chaque espace et de ses habitants. Nous repoussons sans cesse les limites de la cr\u00e9ativit\u00e9 pour cr\u00e9er des espaces qui suscitent l&rsquo;admiration et l&rsquo;\u00e9merveillement. Avec une qu\u00eate incessante de la perfection et un engagement envers l&rsquo;excellence, nous nous effor\u00e7ons de d\u00e9passer les attentes dans chacun de nos projets.<\/p>\n<\/div>                    <\/div><\/div>\n                                <\/div>\n                            <\/div>\n                        <\/div>\n                    <\/div><div class=\"site-blocks-separator \"><\/div>[\/vc_column][\/vc_row][vc_row el_class=\u00a0\u00bbsite-row-pt70x\u00a0\u00bb][vc_column]<div class=\"site-heading text-justify site-heading-dark\"><span>FORCES<\/span><h2>NOS FORCES<\/h2><\/div>[\/vc_column][\/vc_row][vc_row el_class=\u00a0\u00bbsite-row-pt70x\u00a0\u00bb][vc_column width=\u00a0\u00bb1\/4&Prime; el_class=\u00a0\u00bbmobile-space-50x\u00a0\u00bb][vc_column_text]<\/p>\n<h5 style=\"text-align: center; color: #a4a4a3; font-weight: 400;\"><span style=\"color: #000000;\">+ Une solution compl\u00e8te<\/span><\/h5>\n<p style=\"text-align: center;\">\u00c0 Capezzone Architecture, nous offrons une solution compl\u00e8te \u00e0 vos r\u00eaves de conception. Notre approche globale, de la conception jusqu\u2019\u00e0 la r\u00e9alisation, assure la satisfaction client \u00e0 chaque projet.<\/p>\n<p>[\/vc_column_text][\/vc_column][vc_column width=\u00a0\u00bb1\/4&Prime; el_class=\u00a0\u00bbmobile-space-50x\u00a0\u00bb][vc_column_text]<\/p>\n<h5 style=\"text-align: center; color: #a4a4a3; font-weight: 400;\"><span style=\"color: #000000;\">+ Mobilier sur-mesure<\/span><\/h5>\n<p style=\"text-align: center;\">La majorit\u00e9 de nos meubles et mobiliers sont faits sur-mesure, ce qui nous permet de concevoir des pi\u00e8ces esth\u00e9tiques, adapt\u00e9es \u00e0 leur usage. Tous nos meubles sont le fruit d\u2019une expertise soign\u00e9e et de passion.<\/p>\n<p>[\/vc_column_text][\/vc_column][vc_column width=\u00a0\u00bb1\/4&Prime; el_class=\u00a0\u00bbmobile-space-50x\u00a0\u00bb][vc_column_text]<\/p>\n<h5 style=\"text-align: center; color: #a4a4a3; font-weight: 400;\"><span style=\"color: #000000;\">+ D\u00e9coration raffin\u00e9e<\/span><\/h5>\n<p style=\"text-align: center;\">Chaque projet est minutieusement compl\u00e9t\u00e9 par un assortiment d\u2019objets de d\u00e9coration raffin\u00e9s, qui refl\u00e8tent la personnalit\u00e9 du client, apportant la touche finale. Notre objectif est que chaque client se sente chez lui quel que soit l\u2019espace.<\/p>\n<p>[\/vc_column_text][\/vc_column][vc_column width=\u00a0\u00bb1\/4&Prime;][vc_column_text]<\/p>\n<h5 style=\"text-align: center; color: #a4a4a3; font-weight: 400;\"><span style=\"color: #000000;\">+ Une r\u00e9ponse personnalis\u00e9e<\/span><\/h5>\n<p style=\"text-align: center;\">Ce qui nous distingue, c\u2019est notre capacit\u00e9 \u00e0 traduire un concept, une histoire ou m\u00eame un sentiment, sous forme physique, avec une attention m\u00e9ticuleuse. Le r\u00e9sultat est une r\u00e9ponse personnalis\u00e9e avec de la profondeur et aspirant \u00e0 enrichir la vie de nos clients.<\/p>\n<p>[\/vc_column_text][\/vc_column][\/vc_row][vc_row][vc_column]<div class=\"site-blocks-separator \"><\/div>[\/vc_column][\/vc_row][vc_row][vc_column]<div class=\"site-heading text-justify site-heading-dark\"><h3>\u201c AN ELEGANT BEAUTY,<br \/>\nCAREFULLY CREATED AND CURATED.<br \/>\nYOU\u2019RE HERE. HOME. \u201d<\/h3><\/div>[\/vc_column][\/vc_row][vc_row][vc_column]<div class=\"site-blocks-separator \"><\/div>[\/vc_column][\/vc_row][vc_row el_class=\u00a0\u00bbsite-row-pt70x\u00a0\u00bb][vc_column]<div class=\"site-heading text-justify site-heading-dark\"><span>PARCOURS<\/span><h2>D\u00c9COUVREZ<br \/>\nNOTRE PARCOURS<\/h2><\/div>[\/vc_column][\/vc_row][vc_row el_class=\u00a0\u00bbsite-row-pt70x site-row-pb150x\u00a0\u00bb][vc_column]<div class=\"site-timeline\"><div id=\"site-timeline-item\" data-wow-delay=\"0.7s\" class=\"site-timeline-item wow animate fadeInUp site-timeline-right\">\n                  <div class=\"site-timeline-col\">\n                    <div class=\"site-timeline-year\">    <\/div>\n                    <a href=\"\" target=\"_blank\">\n                      <h5>Nouvel h\u00f4tel Le K2 Collections<\/h5>\n                      <p>Maldives, prochainement<\/p>\n\n                    <\/a>\n                  <\/div>\n                  <div class=\"site-timeline-col\"><\/div>\n                <\/div><div id=\"site-timeline-item\" data-wow-delay=\"0.7s\" class=\"site-timeline-item wow animate fadeInUp site-timeline-left\">\n                  <div class=\"site-timeline-col\">\n                    <div class=\"site-timeline-year\">    <\/div>\n                    <a href=\"\" target=\"_blank\">\n                      <h5>Le Parc 1963<\/h5>\n                      <p>Val d'Is\u00e8re, prochainement<\/p>\n\n                    <\/a>\n                  <\/div>\n                  <div class=\"site-timeline-col\"><\/div>\n                <\/div><div id=\"site-timeline-item\" data-wow-delay=\"0.7s\" class=\"site-timeline-item wow animate fadeInUp site-timeline-right\">\n                  <div class=\"site-timeline-col\">\n                    <div class=\"site-timeline-year\">    <\/div>\n                    <a href=\"\" target=\"_blank\">\n                      <h5>Ski Shop Le K2 Palace<\/h5>\n                      <p>Courchevel, D\u00e9cembre 2023<\/p>\n\n                    <\/a>\n                  <\/div>\n                  <div class=\"site-timeline-col\"><\/div>\n                <\/div><div id=\"site-timeline-item\" data-wow-delay=\"0.7s\" class=\"site-timeline-item wow animate fadeInUp site-timeline-left\">\n                  <div class=\"site-timeline-col\">\n                    <div class=\"site-timeline-year\">    <\/div>\n                    <a href=\"\" target=\"_blank\">\n                      <h5>Le Bottleneck<\/h5>\n                      <p>Courchevel, D\u00e9cembre 2023<\/p>\n\n                    <\/a>\n                  <\/div>\n                  <div class=\"site-timeline-col\"><\/div>\n                <\/div><div id=\"site-timeline-item\" data-wow-delay=\"0.7s\" class=\"site-timeline-item wow animate fadeInUp site-timeline-right\">\n                  <div class=\"site-timeline-col\">\n                    <div class=\"site-timeline-year\">    <\/div>\n                    <a href=\"\" target=\"_blank\">\n                      <h5>Le K2 Palace Extension<\/h5>\n                      <p>Courchevel, D\u00e9cembre 2023<\/p>\n\n                    <\/a>\n                  <\/div>\n                  <div class=\"site-timeline-col\"><\/div>\n                <\/div><div id=\"site-timeline-item\" data-wow-delay=\"0.7s\" class=\"site-timeline-item wow animate fadeInUp site-timeline-left\">\n                  <div class=\"site-timeline-col\">\n                    <div class=\"site-timeline-year\">    <\/div>\n                    <a href=\"\" target=\"_blank\">\n                      <h5>Projet 238<\/h5>\n                      <p>Prochainement<\/p>\n\n                    <\/a>\n                  <\/div>\n                  <div class=\"site-timeline-col\"><\/div>\n                <\/div><div id=\"site-timeline-item\" data-wow-delay=\"0.7s\" class=\"site-timeline-item wow animate fadeInUp site-timeline-right\">\n                  <div class=\"site-timeline-col\">\n                    <div class=\"site-timeline-year\">    <\/div>\n                    <a href=\"\" target=\"_blank\">\n                      <h5>Projet 111<\/h5>\n                      <p>Prochainement<\/p>\n\n                    <\/a>\n                  <\/div>\n                  <div class=\"site-timeline-col\"><\/div>\n                <\/div><div id=\"site-timeline-item\" data-wow-delay=\"0.7s\" class=\"site-timeline-item wow animate fadeInUp site-timeline-left\">\n                  <div class=\"site-timeline-col\">\n                    <div class=\"site-timeline-year\"><h3>2022<\/h3>    <\/div>\n                    <a href=\"https:\/\/www.capezzonearchitecture.com\/fr\/projets\/villa-70\/\" target=\"_blank\">\n                      <h5>Villa 70<\/h5>\n                      <p>Alpes Fran\u00e7aises, Juin 2022<\/p>\n\n                    <\/a>\n                  <\/div>\n                  <div class=\"site-timeline-col\"><\/div>\n                <\/div><div id=\"site-timeline-item\" data-wow-delay=\"0.7s\" class=\"site-timeline-item wow animate fadeInUp site-timeline-right\">\n                  <div class=\"site-timeline-col\">\n                    <div class=\"site-timeline-year\"><h3>2021<\/h3>    <\/div>\n                    <a href=\"https:\/\/www.capezzonearchitecture.com\/fr\/projects\/villa-56\/\" target=\"_blank\">\n                      <h5>Villa 56<\/h5>\n                      <p>Veyrier-du-Lac, France, Janvier 2021<\/p>\n\n                    <\/a>\n                  <\/div>\n                  <div class=\"site-timeline-col\"><\/div>\n                <\/div><div id=\"site-timeline-item\" data-wow-delay=\"0.7s\" class=\"site-timeline-item wow animate fadeInUp site-timeline-left\">\n                  <div class=\"site-timeline-col\">\n                    <div class=\"site-timeline-year\"><h3>2020<\/h3>    <\/div>\n                    <a href=\"https:\/\/www.capezzonearchitecture.com\/fr\/projects\/le-k2-chogori\/\" target=\"_blank\">\n                      <h5>Hotel 5* Le K2 Chogori<\/h5>\n                      <p>Val d\u2019Is\u00e8re, France, D\u00e9cembre 2020<\/p>\n\n                    <\/a>\n                  <\/div>\n                  <div class=\"site-timeline-col\"><\/div>\n                <\/div><div id=\"site-timeline-item\" data-wow-delay=\"0.7s\" class=\"site-timeline-item wow animate fadeInUp site-timeline-right\">\n                  <div class=\"site-timeline-col\">\n                    <div class=\"site-timeline-year\">    <\/div>\n                    <a href=\"https:\/\/www.capezzonearchitecture.com\/fr\/projects\/la-ferme-des-drus\/\" target=\"_blank\">\n                      <h5>Chalet La Ferme des Drus<\/h5>\n                      <p>Chamonix, France, F\u00e9vrier 2020<\/p>\n\n                    <\/a>\n                  <\/div>\n                  <div class=\"site-timeline-col\"><\/div>\n                <\/div><div id=\"site-timeline-item\" data-wow-delay=\"0.7s\" class=\"site-timeline-item wow animate fadeInUp site-timeline-left\">\n                  <div class=\"site-timeline-col\">\n                    <div class=\"site-timeline-year\">    <\/div>\n                    <a href=\"https:\/\/www.capezzonearchitecture.com\/fr\/projects\/c-a-b-basin\/\" target=\"_blank\">\n                      <h5>Design produit - C.A.B Basin<\/h5>\n                      <p>Londres, Angleterre, Janvier 2020<\/p>\n\n                    <\/a>\n                  <\/div>\n                  <div class=\"site-timeline-col\"><\/div>\n                <\/div><div id=\"site-timeline-item\" data-wow-delay=\"0.7s\" class=\"site-timeline-item wow animate fadeInUp site-timeline-right\">\n                  <div class=\"site-timeline-col\">\n                    <div class=\"site-timeline-year\">    <\/div>\n                    <a href=\"https:\/\/www.capezzonearchitecture.com\/fr\/projects\/porcelanosa-2020\/\" target=\"_blank\">\n                      <h5>Showroom L\u2019Antic Colonial - Groupe Porcelenosa<\/h5>\n                      <p>Villareal, Espagne, Janvier 2020<\/p>\n\n                    <\/a>\n                  <\/div>\n                  <div class=\"site-timeline-col\"><\/div>\n                <\/div><div id=\"site-timeline-item\" data-wow-delay=\"0.7s\" class=\"site-timeline-item wow animate fadeInUp site-timeline-left\">\n                  <div class=\"site-timeline-col\">\n                    <div class=\"site-timeline-year\">    <\/div>\n                    <a href=\"#\" target=\"_blank\">\n                      <h5>Chalet Himalaya<\/h5>\n                      <p>Courchevel, France, Mai 2019<\/p>\n\n                    <\/a>\n                  <\/div>\n                  <div class=\"site-timeline-col\"><\/div>\n                <\/div><div id=\"site-timeline-item\" data-wow-delay=\"0.7s\" class=\"site-timeline-item wow animate fadeInUp site-timeline-right\">\n                  <div class=\"site-timeline-col\">\n                    <div class=\"site-timeline-year\"><h3>2019<\/h3>    <\/div>\n                    <a href=\"https:\/\/www.capezzonearchitecture.com\/fr\/projects\/porcelanosa-2019\/\" target=\"_blank\">\n                      <h5>Showroom L\u2019Antic Colonial - Groupe Porcelenosa<\/h5>\n                      <p>Villareal, Espagne, Janvier 2019<\/p>\n\n                    <\/a>\n                  <\/div>\n                  <div class=\"site-timeline-col\"><\/div>\n                <\/div><div id=\"site-timeline-item\" data-wow-delay=\"0.7s\" class=\"site-timeline-item wow animate fadeInUp site-timeline-left\">\n                  <div class=\"site-timeline-col\">\n                    <div class=\"site-timeline-year\"><h3>2017<\/h3>    <\/div>\n                    <a href=\"https:\/\/www.capezzonearchitecture.com\/fr\/projects\/la-suite-k3\/\" target=\"_blank\">\n                      <h5>Hotel le K2 Palace - Suite K3<\/h5>\n                      <p>Courchevel, France, D\u00e9cembre 2017<\/p>\n\n                    <\/a>\n                  <\/div>\n                  <div class=\"site-timeline-col\"><\/div>\n                <\/div><div id=\"site-timeline-item\" data-wow-delay=\"0.7s\" class=\"site-timeline-item wow animate fadeInUp site-timeline-right\">\n                  <div class=\"site-timeline-col\">\n                    <div class=\"site-timeline-year\">    <\/div>\n                    <a href=\"https:\/\/www.capezzonearchitecture.com\/fr\/projects\/le-k2-djola\/\" target=\"_blank\">\n                      <h5>Hotel 4* Le K2 Djola<\/h5>\n                      <p>Courchevel, France, D\u00e9cembre 2017<\/p>\n\n                    <\/a>\n                  <\/div>\n                  <div class=\"site-timeline-col\"><\/div>\n                <\/div><div id=\"site-timeline-item\" data-wow-delay=\"0.7s\" class=\"site-timeline-item wow animate fadeInUp site-timeline-left\">\n                  <div class=\"site-timeline-col\">\n                    <div class=\"site-timeline-year\"><h3>2016<\/h3>    <\/div>\n                    <a href=\"https:\/\/www.capezzonearchitecture.com\/fr\/projects\/le-k2-altitude\/\" target=\"_blank\">\n                      <h5>Hotel 5* Le K2 Altitude<\/h5>\n                      <p>Courchevel, France, D\u00e9cembre 2016<\/p>\n\n                    <\/a>\n                  <\/div>\n                  <div class=\"site-timeline-col\"><\/div>\n                <\/div><\/div><div class=\"site-timeline-btn\">Plus<\/div>[\/vc_column][\/vc_row]<\/p>\n<\/section>","protected":false},"excerpt":{"rendered":"<p>[vc_row full_width=\u00a0\u00bbstretch_row_content_no_spaces\u00a0\u00bb el_class=\u00a0\u00bbsite-row-pt150x\u00a0\u00bb][vc_column][\/vc_column][\/vc_row][vc_row el_class=\u00a0\u00bbsite-row-pt70x\u00a0\u00bb][vc_column][\/vc_column][\/vc_row][vc_row el_class=\u00a0\u00bbsite-row-pt70x\u00a0\u00bb][vc_column width=\u00a0\u00bb1\/4&Prime; el_class=\u00a0\u00bbmobile-space-50x\u00a0\u00bb][vc_column_text] + Une solution compl\u00e8te \u00c0 Capezzone Architecture, nous offrons une solution compl\u00e8te \u00e0 vos r\u00eaves de conception. Notre approche globale, de la conception jusqu\u2019\u00e0 la r\u00e9alisation, assure la satisfaction client \u00e0 chaque projet. [\/vc_column_text][\/vc_column][vc_column width=\u00a0\u00bb1\/4&Prime; el_class=\u00a0\u00bbmobile-space-50x\u00a0\u00bb][vc_column_text] + Mobilier sur-mesure La majorit\u00e9 de nos meubles et mobiliers sont faits [&hellip;]<\/p>\n","protected":false},"author":1,"featured_media":0,"parent":0,"menu_order":0,"comment_status":"closed","ping_status":"closed","template":"","meta":[],"yoast_head":"<!-- This site is optimized with the Yoast SEO plugin v20.0 - https:\/\/yoast.com\/wordpress\/plugins\/seo\/ -->\n<title>Capezzone Architecture | Studio international d\u2019architecture &amp; design d\u2019int\u00e9rieur<\/title>\n<meta name=\"description\" content=\"Capezzone Architecture est studio international d\u2019architecture et de design d\u2019int\u00e9rieur, reconnu pour cr\u00e9er des propri\u00e9t\u00e9s d\u2019exception.\" \/>\n<meta name=\"robots\" content=\"index, follow, max-snippet:-1, max-image-preview:large, max-video-preview:-1\" \/>\n<link rel=\"canonical\" href=\"https:\/\/www.capezzonearchitecture.com\/fr\/agence\/\" \/>\n<meta property=\"og:locale\" content=\"fr_FR\" \/>\n<meta property=\"og:type\" content=\"article\" \/>\n<meta property=\"og:title\" content=\"Capezzone Architecture | Studio international d\u2019architecture &amp; design d\u2019int\u00e9rieur\" \/>\n<meta property=\"og:description\" content=\"Capezzone Architecture est studio international d\u2019architecture et de design d\u2019int\u00e9rieur, reconnu pour cr\u00e9er des propri\u00e9t\u00e9s d\u2019exception.\" \/>\n<meta property=\"og:url\" content=\"https:\/\/www.capezzonearchitecture.com\/fr\/agence\/\" \/>\n<meta property=\"og:site_name\" content=\"Capezzone Architecture\" \/>\n<meta property=\"article:modified_time\" content=\"2025-10-20T15:04:42+00:00\" \/>\n<meta name=\"twitter:card\" content=\"summary_large_image\" \/>\n<meta name=\"twitter:label1\" content=\"Dur\u00e9e de lecture estim\u00e9e\" \/>\n\t<meta name=\"twitter:data1\" content=\"5 minutes\" \/>\n<script type=\"application\/ld+json\" class=\"yoast-schema-graph\">{\"@context\":\"https:\/\/schema.org\",\"@graph\":[{\"@type\":\"WebPage\",\"@id\":\"https:\/\/www.capezzonearchitecture.com\/fr\/agence\/\",\"url\":\"https:\/\/www.capezzonearchitecture.com\/fr\/agence\/\",\"name\":\"Capezzone Architecture | Studio international d\u2019architecture & design d\u2019int\u00e9rieur\",\"isPartOf\":{\"@id\":\"https:\/\/www.capezzonearchitecture.com\/fr\/#website\"},\"datePublished\":\"2021-01-11T09:09:20+00:00\",\"dateModified\":\"2025-10-20T15:04:42+00:00\",\"description\":\"Capezzone Architecture est studio international d\u2019architecture et de design d\u2019int\u00e9rieur, reconnu pour cr\u00e9er des propri\u00e9t\u00e9s d\u2019exception.\",\"breadcrumb\":{\"@id\":\"https:\/\/www.capezzonearchitecture.com\/fr\/agence\/#breadcrumb\"},\"inLanguage\":\"fr-FR\",\"potentialAction\":[{\"@type\":\"ReadAction\",\"target\":[\"https:\/\/www.capezzonearchitecture.com\/fr\/agence\/\"]}]},{\"@type\":\"BreadcrumbList\",\"@id\":\"https:\/\/www.capezzonearchitecture.com\/fr\/agence\/#breadcrumb\",\"itemListElement\":[{\"@type\":\"ListItem\",\"position\":1,\"name\":\"Home\",\"item\":\"https:\/\/www.capezzonearchitecture.com\/fr\/\"},{\"@type\":\"ListItem\",\"position\":2,\"name\":\"Agence\"}]},{\"@type\":\"WebSite\",\"@id\":\"https:\/\/www.capezzonearchitecture.com\/fr\/#website\",\"url\":\"https:\/\/www.capezzonearchitecture.com\/fr\/\",\"name\":\"Capezzone Architecture\",\"description\":\"Luxury Interior Design | Courchevel\",\"publisher\":{\"@id\":\"https:\/\/www.capezzonearchitecture.com\/fr\/#organization\"},\"potentialAction\":[{\"@type\":\"SearchAction\",\"target\":{\"@type\":\"EntryPoint\",\"urlTemplate\":\"https:\/\/www.capezzonearchitecture.com\/fr\/?s={search_term_string}\"},\"query-input\":\"required name=search_term_string\"}],\"inLanguage\":\"fr-FR\"},{\"@type\":\"Organization\",\"@id\":\"https:\/\/www.capezzonearchitecture.com\/fr\/#organization\",\"name\":\"Capezzone Architecture\",\"url\":\"https:\/\/www.capezzonearchitecture.com\/fr\/\",\"logo\":{\"@type\":\"ImageObject\",\"inLanguage\":\"fr-FR\",\"@id\":\"https:\/\/www.capezzonearchitecture.com\/fr\/#\/schema\/logo\/image\/\",\"url\":\"https:\/\/www.capezzonearchitecture.com\/wp-content\/uploads\/2021\/02\/capezzone_logo.png\",\"contentUrl\":\"https:\/\/www.capezzonearchitecture.com\/wp-content\/uploads\/2021\/02\/capezzone_logo.png\",\"width\":526,\"height\":96,\"caption\":\"Capezzone Architecture\"},\"image\":{\"@id\":\"https:\/\/www.capezzonearchitecture.com\/fr\/#\/schema\/logo\/image\/\"}}]}<\/script>\n<!-- \/ Yoast SEO plugin. -->","yoast_head_json":{"title":"Capezzone Architecture | Studio international d\u2019architecture & design d\u2019int\u00e9rieur","description":"Capezzone Architecture est studio international d\u2019architecture et de design d\u2019int\u00e9rieur, reconnu pour cr\u00e9er des propri\u00e9t\u00e9s d\u2019exception.","robots":{"index":"index","follow":"follow","max-snippet":"max-snippet:-1","max-image-preview":"max-image-preview:large","max-video-preview":"max-video-preview:-1"},"canonical":"https:\/\/www.capezzonearchitecture.com\/fr\/agence\/","og_locale":"fr_FR","og_type":"article","og_title":"Capezzone Architecture | Studio international d\u2019architecture & design d\u2019int\u00e9rieur","og_description":"Capezzone Architecture est studio international d\u2019architecture et de design d\u2019int\u00e9rieur, reconnu pour cr\u00e9er des propri\u00e9t\u00e9s d\u2019exception.","og_url":"https:\/\/www.capezzonearchitecture.com\/fr\/agence\/","og_site_name":"Capezzone Architecture","article_modified_time":"2025-10-20T15:04:42+00:00","twitter_card":"summary_large_image","twitter_misc":{"Dur\u00e9e de lecture estim\u00e9e":"5 minutes"},"schema":{"@context":"https:\/\/schema.org","@graph":[{"@type":"WebPage","@id":"https:\/\/www.capezzonearchitecture.com\/fr\/agence\/","url":"https:\/\/www.capezzonearchitecture.com\/fr\/agence\/","name":"Capezzone Architecture | Studio international d\u2019architecture & design d\u2019int\u00e9rieur","isPartOf":{"@id":"https:\/\/www.capezzonearchitecture.com\/fr\/#website"},"datePublished":"2021-01-11T09:09:20+00:00","dateModified":"2025-10-20T15:04:42+00:00","description":"Capezzone Architecture est studio international d\u2019architecture et de design d\u2019int\u00e9rieur, reconnu pour cr\u00e9er des propri\u00e9t\u00e9s d\u2019exception.","breadcrumb":{"@id":"https:\/\/www.capezzonearchitecture.com\/fr\/agence\/#breadcrumb"},"inLanguage":"fr-FR","potentialAction":[{"@type":"ReadAction","target":["https:\/\/www.capezzonearchitecture.com\/fr\/agence\/"]}]},{"@type":"BreadcrumbList","@id":"https:\/\/www.capezzonearchitecture.com\/fr\/agence\/#breadcrumb","itemListElement":[{"@type":"ListItem","position":1,"name":"Home","item":"https:\/\/www.capezzonearchitecture.com\/fr\/"},{"@type":"ListItem","position":2,"name":"Agence"}]},{"@type":"WebSite","@id":"https:\/\/www.capezzonearchitecture.com\/fr\/#website","url":"https:\/\/www.capezzonearchitecture.com\/fr\/","name":"Capezzone Architecture","description":"Luxury Interior Design | Courchevel","publisher":{"@id":"https:\/\/www.capezzonearchitecture.com\/fr\/#organization"},"potentialAction":[{"@type":"SearchAction","target":{"@type":"EntryPoint","urlTemplate":"https:\/\/www.capezzonearchitecture.com\/fr\/?s={search_term_string}"},"query-input":"required name=search_term_string"}],"inLanguage":"fr-FR"},{"@type":"Organization","@id":"https:\/\/www.capezzonearchitecture.com\/fr\/#organization","name":"Capezzone Architecture","url":"https:\/\/www.capezzonearchitecture.com\/fr\/","logo":{"@type":"ImageObject","inLanguage":"fr-FR","@id":"https:\/\/www.capezzonearchitecture.com\/fr\/#\/schema\/logo\/image\/","url":"https:\/\/www.capezzonearchitecture.com\/wp-content\/uploads\/2021\/02\/capezzone_logo.png","contentUrl":"https:\/\/www.capezzonearchitecture.com\/wp-content\/uploads\/2021\/02\/capezzone_logo.png","width":526,"height":96,"caption":"Capezzone Architecture"},"image":{"@id":"https:\/\/www.capezzonearchitecture.com\/fr\/#\/schema\/logo\/image\/"}}]}},"_links":{"self":[{"href":"https:\/\/www.capezzonearchitecture.com\/fr\/wp-json\/wp\/v2\/pages\/885"}],"collection":[{"href":"https:\/\/www.capezzonearchitecture.com\/fr\/wp-json\/wp\/v2\/pages"}],"about":[{"href":"https:\/\/www.capezzonearchitecture.com\/fr\/wp-json\/wp\/v2\/types\/page"}],"author":[{"embeddable":true,"href":"https:\/\/www.capezzonearchitecture.com\/fr\/wp-json\/wp\/v2\/users\/1"}],"replies":[{"embeddable":true,"href":"https:\/\/www.capezzonearchitecture.com\/fr\/wp-json\/wp\/v2\/comments?post=885"}],"version-history":[{"count":13,"href":"https:\/\/www.capezzonearchitecture.com\/fr\/wp-json\/wp\/v2\/pages\/885\/revisions"}],"predecessor-version":[{"id":1432,"href":"https:\/\/www.capezzonearchitecture.com\/fr\/wp-json\/wp\/v2\/pages\/885\/revisions\/1432"}],"wp:attachment":[{"href":"https:\/\/www.capezzonearchitecture.com\/fr\/wp-json\/wp\/v2\/media?parent=885"}],"curies":[{"name":"wp","href":"https:\/\/api.w.org\/{rel}","templated":true}]}}